{"id":150,"date":"2024-11-17T09:26:34","date_gmt":"2024-11-17T09:26:34","guid":{"rendered":"https:\/\/tiendaultramarina.com\/?post_type=product&#038;p=150"},"modified":"2025-07-08T18:09:09","modified_gmt":"2025-07-08T18:09:09","slug":"canto-a-quien-de-ivan-onia","status":"publish","type":"product","link":"https:\/\/tiendaultramarina.com\/index.php\/producto\/canto-a-quien-de-ivan-onia\/","title":{"rendered":"Canto a qui\u00e9n de Iv\u00e1n Onia"},"content":{"rendered":"<p><span data-sheets-root=\"1\">Iv\u00e1n Onia Valero naci\u00f3 en Sevilla en 1980. Ha publicado Tumbada cicatriz (Plaquette) (Ediciones en Huida, 2011), Galer\u00eda de mundo y olvido (Ediciones en Huida, 2013), Hermanos de nadie (Karima Editora, 2015), El decapitado de Ashton (Ediciones de La Isla de Siltol\u00e1, 2016, que fue finalista del primer Certamen de Poes\u00eda Antonio Colinas), Paseando a M\u00edster O. (Asociaci\u00f3n Noctiluca, 2017) y El hijo (de Sharon Olds) (Maclein y Parker, 2018). Ha participado en las siguientes antolog\u00edas: Plumier de versos V (Nu\u00f1o Editorial, 2009, como finalista del premio Plumier de versos V, 2008), La vida por delante. Antolog\u00eda de j\u00f3venes poetas andaluces (Ediciones en Huida, 2012), Obituario, El Libro (Fundaci\u00f3n M\u00e1laga, 2015), Pessoas, 28 heter\u00f3nimos esperando a Fernando Pessoa (Karima Editora, 2016), Alien\u00edgenas (Cangrejo Pistolero Ediciones, 2016) y una antolog\u00eda personal desde 2011 a 2016 est\u00e1 recogida en la obra Luz Sur (Unaria Ediciones, 2016). Adem\u00e1s de otras antolog\u00edas digitales, ha participado en el fanzine de poes\u00eda y literatura MacGuffins dedicado al Festival de Cine de M\u00e1laga, ha sido co-ant\u00f3logo de la antolog\u00eda de poetas j\u00f3venes sevillanos La pirotecnia peligrosa (Ediciones en Huida, 2015), aparece como autor en la antolog\u00eda del programa de radio \u00abLa Inopia\u00bb en 2018, y en 2019 particip\u00f3 en el cat\u00e1logo del Festival OFFF Sevilla, editado por la editorial Maclein y Parker, con tres poemas sobre las obras de tres artistas participantes. Administra el blog de poes\u00eda y fotograf\u00eda: laspuntasdeltiempo.blogspot.com<\/span><\/p>\n","protected":false},"excerpt":{"rendered":"<p><span data-sheets-root=\"1\">CANTO A QUIEN naci\u00f3 para ser le\u00eddo y rele\u00eddo en el descansillo delante de la fregona. Para ser rele\u00eddo hasta la enfermedad. Hasta la leyenda. Para volver a entrar en sus p\u00e1ginas despu\u00e9s de ir con la mujer a por fruta ah\u00ed al centro. Para pasar de una cosa que se toca y se come uno sin enterarse mucho, a otra que se come y se toca con hambre, y se lee con mucha m\u00e1s hambre. Sabe mucho ese Onia moreno de las gorras sobre lo de agarrarse bien a lo m\u00e1s hondo y paralizante de la ternura. De la ternura esa que se expande con seguridad de alba\u00f1il para sernos andamio del cuerpo y nos escribe. V\u00edctor P\u00e9rez<\/span><\/p>\n","protected":false},"featured_media":151,"comment_status":"open","ping_status":"closed","template":"","meta":[],"product_brand":[],"product_cat":[22],"product_tag":[],"class_list":{"0":"post-150","1":"product","2":"type-product","3":"status-publish","4":"has-post-thumbnail","6":"product_cat-narrativa-de-ultramar","8":"first","9":"instock","10":"shipping-taxable","11":"purchasable","12":"product-type-simple"},"_links":{"self":[{"href":"https:\/\/tiendaultramarina.com\/index.php\/wp-json\/wp\/v2\/product\/150","targetHints":{"allow":["GET"]}}],"collection":[{"href":"https:\/\/tiendaultramarina.com\/index.php\/wp-json\/wp\/v2\/product"}],"about":[{"href":"https:\/\/tiendaultramarina.com\/index.php\/wp-json\/wp\/v2\/types\/product"}],"replies":[{"embeddable":true,"href":"https:\/\/tiendaultramarina.com\/index.php\/wp-json\/wp\/v2\/comments?post=150"}],"wp:featuredmedia":[{"embeddable":true,"href":"https:\/\/tiendaultramarina.com\/index.php\/wp-json\/wp\/v2\/media\/151"}],"wp:attachment":[{"href":"https:\/\/tiendaultramarina.com\/index.php\/wp-json\/wp\/v2\/media?parent=150"}],"wp:term":[{"taxonomy":"product_brand","embeddable":true,"href":"https:\/\/tiendaultramarina.com\/index.php\/wp-json\/wp\/v2\/product_brand?post=150"},{"taxonomy":"product_cat","embeddable":true,"href":"https:\/\/tiendaultramarina.com\/index.php\/wp-json\/wp\/v2\/product_cat?post=150"},{"taxonomy":"product_tag","embeddable":true,"href":"https:\/\/tiendaultramarina.com\/index.php\/wp-json\/wp\/v2\/product_tag?post=150"}],"curies":[{"name":"wp","href":"https:\/\/api.w.org\/{rel}","templated":true}]}}