{"id":87,"date":"2024-11-18T12:47:11","date_gmt":"2024-11-18T12:47:11","guid":{"rendered":"https:\/\/tiendaultramarina.com\/?post_type=product&#038;p=87"},"modified":"2025-07-08T18:06:27","modified_gmt":"2025-07-08T18:06:27","slug":"poetryfighters-de-marcos-de-la-fuente","status":"publish","type":"product","link":"https:\/\/tiendaultramarina.com\/index.php\/producto\/poetryfighters-de-marcos-de-la-fuente\/","title":{"rendered":"PoetryFighters de Marcos de la Fuente"},"content":{"rendered":"<p><span data-sheets-root=\"1\">Marcos de la Fuente (Vigo, Espa\u00f1a, 1976) es poeta y activista cultural. Adem\u00e1s de organizar open mics, organiza el Festival Kerouac de poes\u00eda y performance, en Vigo desde 2010, en Nueva York desde 2016 y en la Ciudad de M\u00e9xico desde 2019. Ha publicado Las Part\u00edculas Brillantes (2015), un libro dise\u00f1ado por la artista Vanesa \u00c1lvarez. En 2017 lanz\u00f3 el \u00e1lbum \u201cIsla Futura\u201d con la banda musical P\u00f3lvora, y en 2018 present\u00f3 el proyecto, \u201cLorca 2018\u201d en La Nacional Space, con el guitarrista Aldo P\u00e9rez, una versi\u00f3n actualizada \u201cPoeta en Nueva York\u201d. En 2018 public\u00f3 \u201cLa Nueva Sensibilidad\u201d, un manifiesto sobre el significado de la poes\u00eda en nuestros d\u00edas, y en 2019 fue incluido en \u201cLuna y Panorama sobre los rascacielos\u201d, y en la antolog\u00eda de poetas espa\u00f1oles en Nueva York. Actualmente, trabaja con inteligencia artificial y poes\u00eda en el proyecto \u201cEl Poeta vs La M\u00e1quina\u201d.<\/span><\/p>\n<p>(Vigo, Spain, 1976) is a poet and cultural activist. In addition to open mics, he has organized the Kerouac Festival of poetry and performance in Vigo since 2010, in New York since 2016 and in Mexico City since 2019. He has published Las Part\u00edculas Brillantes (2015), Marcos de la Fuente a book designed by visual artist Vanesa \u00c1lvarez. In 2017, he released the album \u201cIsla Futura\u201d with the music band P\u00f3lvora, and in 2018, he presented the project \u201cLorca 2018\u201d at La Nacional Space, with guitarist Aldo P\u00e9rez, an updated review of \u201cPoeta en Nueva York\u201d. In 2018 he published \u201cLa Nueva Sensibilidad\u201d, a manifesto about the meaning of poetry in our days, and in 2019, he was included in \u201cLuna and Panorama sobre los rascacielos\u201d, the anthology of Spaniard poets in New York. Currently, he is working with Artificial Intelligence and poetry at the project \u201cThe Poet vs. The Machine\u201d.<\/p>\n","protected":false},"excerpt":{"rendered":"<p><span data-sheets-root=\"1\">Un puente po\u00e9tico sobre el oc\u00e9ano. Un sentir vital en el tiempo. Esta historia comienza en la esquina de Europa. Desde Galicia, la visita a los templos po\u00e9ticos de Am\u00e9rica y la construcci\u00f3n entre todos del puente sobre el Atl\u00e1ntico. Nueva York como epicentro de un ut\u00f3pico movimiento. Poetryfighters es un grito de identidad, de apoyo, de uni\u00f3n, de lucha conjunta: POES\u00cdA. Practicarla, extenderla, incendiarla, venerarla. Poetryfighters es un sentir com\u00fan que une a poetas de todo el mundo para colaborar y construir, trabajar juntos y ayudar a expandir la voz y la palabra.<\/span><\/p>\n<p><span data-sheets-root=\"1\">A poetic bridge over the ocean. A vital feeling in space and time.<br \/>\nThe story begins in a corner of Europe. From Galicia, we visit America\u2019s poetic temples, and we begin to collectively construct a bridge over the Atlantic. New York is the epicenter of a utopic movement. Poetryfighters is a cry for identity, for support, for union, for a joint fight: POETRY. To practice it, extend it, venerate it, ignite it. Poetryfighters is a common feeling that unites poets from all over the world to collaborate and construct, to work together and help spread voices and words.<\/span><\/p>\n","protected":false},"featured_media":88,"comment_status":"open","ping_status":"closed","template":"","meta":[],"product_brand":[],"product_cat":[19],"product_tag":[],"class_list":{"0":"post-87","1":"product","2":"type-product","3":"status-publish","4":"has-post-thumbnail","6":"product_cat-bilingue-mar","8":"first","9":"instock","10":"shipping-taxable","11":"purchasable","12":"product-type-simple"},"_links":{"self":[{"href":"https:\/\/tiendaultramarina.com\/index.php\/wp-json\/wp\/v2\/product\/87","targetHints":{"allow":["GET"]}}],"collection":[{"href":"https:\/\/tiendaultramarina.com\/index.php\/wp-json\/wp\/v2\/product"}],"about":[{"href":"https:\/\/tiendaultramarina.com\/index.php\/wp-json\/wp\/v2\/types\/product"}],"replies":[{"embeddable":true,"href":"https:\/\/tiendaultramarina.com\/index.php\/wp-json\/wp\/v2\/comments?post=87"}],"wp:featuredmedia":[{"embeddable":true,"href":"https:\/\/tiendaultramarina.com\/index.php\/wp-json\/wp\/v2\/media\/88"}],"wp:attachment":[{"href":"https:\/\/tiendaultramarina.com\/index.php\/wp-json\/wp\/v2\/media?parent=87"}],"wp:term":[{"taxonomy":"product_brand","embeddable":true,"href":"https:\/\/tiendaultramarina.com\/index.php\/wp-json\/wp\/v2\/product_brand?post=87"},{"taxonomy":"product_cat","embeddable":true,"href":"https:\/\/tiendaultramarina.com\/index.php\/wp-json\/wp\/v2\/product_cat?post=87"},{"taxonomy":"product_tag","embeddable":true,"href":"https:\/\/tiendaultramarina.com\/index.php\/wp-json\/wp\/v2\/product_tag?post=87"}],"curies":[{"name":"wp","href":"https:\/\/api.w.org\/{rel}","templated":true}]}}