{"id":92,"date":"2024-11-18T12:57:03","date_gmt":"2024-11-18T12:57:03","guid":{"rendered":"https:\/\/tiendaultramarina.com\/?post_type=product&#038;p=92"},"modified":"2025-07-08T18:05:13","modified_gmt":"2025-07-08T18:05:13","slug":"todos-los-dioses-de-ivo-maldonado-antologador","status":"publish","type":"product","link":"https:\/\/tiendaultramarina.com\/index.php\/producto\/todos-los-dioses-de-ivo-maldonado-antologador\/","title":{"rendered":"Todos los dioses de Ivo Maldonado (Antologador)"},"content":{"rendered":"<p><span data-sheets-root=\"1\">Ivo Maldonado (Talcahuano, Chile, 1978). Poeta, editor, productor y gestor cultural. Entre su itinerario formal hizo una Licenciatura en Castellano y Comunicaci\u00f3n Social en la Universidad del B\u00edo-B\u00edo, estudi\u00f3 Dramaturgia y Direcci\u00f3n Teatral, Universidad de Chile y Guion Cinematogr\u00e1fico en Madrid. Es el promotor de la Versoterapia en su pa\u00eds. Ha dictado Talleres de Escritura Creativa durante las \u00faltimas dos d\u00e9cadas en Chile y el extranjero. Es Premio Municipal de Arte y Cultura, ciudad de Los \u00c1ngeles (2011). Ha publicado los poemarios \u201cAnamorfosis\u201d (2000), \u201cPeque\u00f1a Antolog\u00eda de la Nada\u201d (2007), \u201cCuando los \u00e1rboles se olvidan del Oto\u00f1o\u201d (2010), \u201cTributo a las Cenizas\u201d (2014), \u201cTiananmen\u201d (2020). Parte de su obra ha sido traducida al \u00e1rabe, italiano, franc\u00e9s, uzbeko, turco, rumano, ingl\u00e9s y catal\u00e1n. Es fundador y director del Proyecto Casa Bukowski Internacional. Director y creador del Festival Internacional de Cine Independiente \u201cDesde los Extramuros del Mundo\u201d y del Festival Panhisp\u00e1nico de Poes\u00eda. Es Premio Internacional Escuela de Artes y Culturas Amaz\u00f3nicas, Ministerio de Cultura del Per\u00fa, 2022. La Editorial Escarabajo, lanza en la 34\u00b0 versi\u00f3n de la Feria Internacional del Libro de Bogot\u00e1, 2022, la edici\u00f3n colombiana de TIANANMEN. Fue invitado a al 30\u00b0 Festival Internacional de Poes\u00eda de Bogot\u00e1, 2022. Particip\u00f3 del 18\u00b0 \u00abEncuentro de Escritores de las dos Orillas\u00bb, La Paloma, Uruguay, 2022. Es Presidente y fundador de la Sociedad de Escritores de Chile, filial Colchagua. Los constantes viajes dentro y fuera de su pa\u00eds han dejado testimonio de su obra po\u00e9tica. Ser\u00e1 invitado especial en el 18\u00b0 Festival Internacional de Poes\u00eda de Quetzaltenango en Guatemala.<\/span><\/p>\n","protected":false},"excerpt":{"rendered":"<p><span data-sheets-root=\"1\">TODOS LOS DIOSES: Antolog\u00eda panhisp\u00e1nica de poetas j\u00f3venes del siglo<br \/>\nXXI, que presenta Editorial Ultramarina C&amp;D, es la primera parte, de las dos que<br \/>\nconstar\u00e1 la antolog\u00eda panhisp\u00e1nica de poetas del siglo XXI, que la editorial<br \/>\nchilena Casa Bukowski planific\u00f3 y present\u00f3 inicialmente, y que Escarabajo<br \/>\nEditorial, en Colombia, estampar\u00e1, tambi\u00e9n; y que tiene, ahora, aqu\u00ed, esta<br \/>\nedici\u00f3n en Espa\u00f1a, que se convertir\u00e1, sin duda, en una inevitable referencia<br \/>\nen el futuro de la poes\u00eda en lengua espa\u00f1ola, no solo por la riqu\u00edsima y<br \/>\nampl\u00edsima realidad po\u00e9tica que abarca y abarcar\u00e1: poetas de este siglo que<br \/>\nse expresan en castellano, en todas las latitudes. En esta primera parte,<br \/>\nvan antologados casi setenta autores j\u00f3venes de todas las principales \u00e1reas<br \/>\nhisp\u00e1nicas; lo que ha supuesto un esfuerzo a\u00f1adido para los editores, Ivo<br \/>\nMaldonado, desde Chile, y Mat\u00edas Escalera Cordero, desde Espa\u00f1a, junto<br \/>\ncon Marvin Calero (Nicaragua); Eduardo Bechara Navratilova (Colombia);<br \/>\nEduardo Le\u00f3n (Ecuador); Javier Payeras (Guatemala); Oscar \u201cPuky\u201d<br \/>\nGuti\u00e9rrez y Gabriel Ch\u00e1vez (Bolivia); Alfredo Villegas (Uruguay); Ivanhoe<br \/>\nGarc\u00eda y Cecilia Bar\u00f3n (M\u00e9xico), como imprescindibles colaboradores.<\/span><\/p>\n","protected":false},"featured_media":93,"comment_status":"open","ping_status":"closed","template":"","meta":[],"product_brand":[],"product_cat":[21],"product_tag":[],"class_list":{"0":"post-92","1":"product","2":"type-product","3":"status-publish","4":"has-post-thumbnail","6":"product_cat-poesia-ultramarina","8":"first","9":"instock","10":"shipping-taxable","11":"purchasable","12":"product-type-simple"},"_links":{"self":[{"href":"https:\/\/tiendaultramarina.com\/index.php\/wp-json\/wp\/v2\/product\/92","targetHints":{"allow":["GET"]}}],"collection":[{"href":"https:\/\/tiendaultramarina.com\/index.php\/wp-json\/wp\/v2\/product"}],"about":[{"href":"https:\/\/tiendaultramarina.com\/index.php\/wp-json\/wp\/v2\/types\/product"}],"replies":[{"embeddable":true,"href":"https:\/\/tiendaultramarina.com\/index.php\/wp-json\/wp\/v2\/comments?post=92"}],"wp:featuredmedia":[{"embeddable":true,"href":"https:\/\/tiendaultramarina.com\/index.php\/wp-json\/wp\/v2\/media\/93"}],"wp:attachment":[{"href":"https:\/\/tiendaultramarina.com\/index.php\/wp-json\/wp\/v2\/media?parent=92"}],"wp:term":[{"taxonomy":"product_brand","embeddable":true,"href":"https:\/\/tiendaultramarina.com\/index.php\/wp-json\/wp\/v2\/product_brand?post=92"},{"taxonomy":"product_cat","embeddable":true,"href":"https:\/\/tiendaultramarina.com\/index.php\/wp-json\/wp\/v2\/product_cat?post=92"},{"taxonomy":"product_tag","embeddable":true,"href":"https:\/\/tiendaultramarina.com\/index.php\/wp-json\/wp\/v2\/product_tag?post=92"}],"curies":[{"name":"wp","href":"https:\/\/api.w.org\/{rel}","templated":true}]}}